{"id":655,"date":"2022-12-21T09:31:41","date_gmt":"2022-12-21T08:31:41","guid":{"rendered":"https:\/\/avenir-formation.fr\/accueil\/?page_id=655"},"modified":"2026-03-02T14:18:03","modified_gmt":"2026-03-02T13:18:03","slug":"protection-des-donnees-par-lorganisme-de-formation","status":"publish","type":"page","link":"https:\/\/avenir-formation.fr\/accueil\/protection-des-donnees-par-lorganisme-de-formation\/","title":{"rendered":"Protection des donn\u00e9es par l&rsquo;organisme de formation"},"content":{"rendered":"\n<p>Chez&nbsp;AVENIR \u00ab&nbsp;FORMER POUR DEVENIR&nbsp;\u00bb, la protection de vos donn\u00e9es personnelles est une priorit\u00e9.&nbsp;<\/p>\n\n\n\n<p>Dans le cadre des actions de formation que nous r\u00e9alisons, nous sommes amen\u00e9s \u00e0 recueillir des donn\u00e9es \u00e0 caract\u00e8re personnel vous concernant.<\/p>\n\n\n\n<p>Le but de cette politique est de vous informer sur les modalit\u00e9s selon lesquelles nous traitons ces donn\u00e9es en conformit\u00e9 avec le R\u00e8glement (UE) 2016\/679 du 27 avril 2016 relatif \u00e0 la protection des personnes physiques \u00e0 l&rsquo;\u00e9gard du traitement des donn\u00e9es \u00e0 caract\u00e8re personnel et \u00e0 la libre circulation de ces donn\u00e9es (ci-apr\u00e8s le \u00ab&nbsp;<strong>RGPD<\/strong>&nbsp;\u00bb).<\/p>\n\n\n\n<div class=\"_3d-flip-book  fb3d-fullscreen-mode full-size\" data-id=\"1002\" data-mode=\"fullscreen\" data-title=\"false\" data-template=\"short-white-book-view\" data-lightbox=\"dark-shadow\" data-urlparam=\"fb3d-page\" data-page-n=\"0\" data-pdf=\"\" data-tax=\"null\" data-thumbnail=\"\" data-cols=\"3\" data-book-template=\"default\" data-trigger=\"\"><\/div><script type=\"text\/javascript\">window.FB3D_CLIENT_DATA = window.FB3D_CLIENT_DATA || [];FB3D_CLIENT_DATA.push('eyJwb3N0cyI6eyIxMDAyIjp7IklEIjoxMDAyLCJ0aXRsZSI6IlByb3RlY3Rpb24gZGVzIGRvbm5cdTAwZTllcyIsInR5cGUiOiJwZGYiLCJyZWFkeV9mdW5jdGlvbiI6IiIsImJvb2tfc3R5bGUiOiJmbGF0IiwiYm9va190ZW1wbGF0ZSI6Im5vbmUiLCJvdXRsaW5lIjpbXSwiZGF0YSI6eyJwb3N0X0lEIjoiMTAwMyIsImd1aWQiOiJodHRwczpcL1wvYXZlbmlyLWZvcm1hdGlvbi5mclwvd3AtY29udGVudFwvdXBsb2Fkc1wvMjAyNlwvMDNcLzIwMjYtUkdQRC5wZGYiLCJwZGZfcGFnZXMiOiIyIiwicGFnZXNfY3VzdG9taXphdGlvbiI6Im5vbmUifSwidGh1bWJuYWlsIjp7ImRhdGEiOnsicG9zdF9JRCI6IjAifSwidHlwZSI6ImF1dG8ifSwicHJvcHMiOnsiYmFja2dyb3VuZENvbG9yIjoiYXV0byIsImJhY2tncm91bmRJbWFnZSI6ImF1dG8iLCJiYWNrZ3JvdW5kU3R5bGUiOiJhdXRvIiwiaGlnaGxpZ2h0TGlua3MiOiJhdXRvIiwibGlnaHRpbmciOiJhdXRvIiwic2luZ2xlUGFnZU1vZGUiOiJhdXRvIiwiY2FjaGVkUGFnZXMiOiJhdXRvIiwicmVuZGVySW5hY3RpdmVQYWdlcyI6ImF1dG8iLCJyZW5kZXJJbmFjdGl2ZVBhZ2VzT25Nb2JpbGUiOiJhdXRvIiwicmVuZGVyV2hpbGVGbGlwcGluZyI6ImF1dG8iLCJwcmVsb2FkUGFnZXMiOiJhdXRvIiwiYXV0b1BsYXlEdXJhdGlvbiI6ImF1dG8iLCJydGwiOiJhdXRvIiwiaW50ZXJhY3RpdmVDb3JuZXJzIjoiYXV0byIsIm1heERlcHRoIjoiYXV0byIsInNoZWV0Ijp7InN0YXJ0VmVsb2NpdHkiOiJhdXRvIiwid2F2ZSI6ImF1dG8iLCJzaGFwZSI6ImF1dG8iLCJ3aWR0aFRleGVscyI6ImF1dG8iLCJjb2xvciI6ImF1dG8iLCJzaWRlIjoiYXV0byIsInN0cmV0Y2hJbWFnZXMiOiJhdXRvIiwiY29ybmVyRGV2aWF0aW9uIjoiYXV0byIsImZsZXhpYmlsaXR5IjoiYXV0byIsImZsZXhpYmxlQ29ybmVyIjoiYXV0byIsImJlbmRpbmciOiJhdXRvIiwiaGVpZ2h0VGV4ZWxzIjoiYXV0byJ9LCJjb3ZlciI6eyJ3YXZlIjoiYXV0byIsImNvbG9yIjoiYXV0byIsInNpZGUiOiJhdXRvIiwic3RyZXRjaEltYWdlcyI6ImF1dG8iLCJiaW5kZXJUZXh0dXJlIjoiYXV0byIsImRlcHRoIjoiYXV0byIsInBhZGRpbmciOiJhdXRvIiwic3RhcnRWZWxvY2l0eSI6ImF1dG8iLCJmbGV4aWJpbGl0eSI6ImF1dG8iLCJmbGV4aWJsZUNvcm5lciI6ImF1dG8iLCJiZW5kaW5nIjoiYXV0byIsIndpZHRoVGV4ZWxzIjoiYXV0byIsImhlaWdodFRleGVscyI6ImF1dG8iLCJtYXNzIjoiYXV0byIsInNoYXBlIjoiYXV0byJ9LCJwYWdlIjp7IndhdmUiOiJhdXRvIiwiY29sb3IiOiJhdXRvIiwic2lkZSI6ImF1dG8iLCJzdHJldGNoSW1hZ2VzIjoiYXV0byIsImRlcHRoIjoiYXV0byIsInN0YXJ0VmVsb2NpdHkiOiJhdXRvIiwiZmxleGliaWxpdHkiOiJhdXRvIiwiZmxleGlibGVDb3JuZXIiOiJhdXRvIiwiYmVuZGluZyI6ImF1dG8iLCJ3aWR0aFRleGVscyI6ImF1dG8iLCJoZWlnaHRUZXhlbHMiOiJhdXRvIiwibWFzcyI6ImF1dG8iLCJzaGFwZSI6ImF1dG8ifSwiaGVpZ2h0IjoiYXV0byIsIndpZHRoIjoiYXV0byIsImdyYXZpdHkiOiJhdXRvIiwicGFnZXNGb3JQcmVkaWN0aW5nIjoiYXV0byJ9LCJjb250cm9sUHJvcHMiOnsiYWN0aW9ucyI6eyJjbWRUb2MiOnsiZW5hYmxlZCI6ImF1dG8iLCJlbmFibGVkSW5OYXJyb3ciOiJhdXRvIiwiYWN0aXZlIjoiYXV0byIsImRlZmF1bHRUYWIiOiJhdXRvIn0sImNtZEF1dG9QbGF5Ijp7ImVuYWJsZWQiOiJhdXRvIiwiZW5hYmxlZEluTmFycm93IjoiYXV0byIsImFjdGl2ZSI6ImF1dG8ifSwiY21kU2F2ZSI6eyJlbmFibGVkIjoiYXV0byIsImVuYWJsZWRJbk5hcnJvdyI6ImF1dG8ifSwiY21kUHJpbnQiOnsiZW5hYmxlZCI6ImF1dG8iLCJlbmFibGVkSW5OYXJyb3ciOiJhdXRvIn0sImNtZFNpbmdsZVBhZ2UiOnsiZW5hYmxlZCI6ImF1dG8iLCJlbmFibGVkSW5OYXJyb3ciOiJhdXRvIiwiYWN0aXZlIjoiYXV0byIsImFjdGl2ZUZvck1vYmlsZSI6ImF1dG8ifSwid2lkVG9vbGJhciI6eyJlbmFibGVkIjoiYXV0byIsImVuYWJsZWRJbk5hcnJvdyI6ImF1dG8ifX19LCJhdXRvVGh1bWJuYWlsIjoiaHR0cHM6XC9cL2F2ZW5pci1mb3JtYXRpb24uZnJcL3dwLWNvbnRlbnRcL3VwbG9hZHNcLzNkLWZsaXAtYm9va1wvYXV0by10aHVtYm5haWxzXC8xMDAyLnBuZyIsInBvc3RfbmFtZSI6InByb3RlY3Rpb24tZGVzLWRvbm5lZXMiLCJwb3N0X3R5cGUiOiIzZC1mbGlwLWJvb2sifX0sInBhZ2VzIjpbXSwiZmlyc3RQYWdlcyI6W119');window.FB3D_CLIENT_LOCALE && FB3D_CLIENT_LOCALE.render && FB3D_CLIENT_LOCALE.render();<\/script>\n\n\n\n<p><\/p>\n","protected":false},"excerpt":{"rendered":"<p>Chez&nbsp;AVENIR \u00ab&nbsp;FORMER POUR DEVENIR&nbsp;\u00bb, la protection de vos donn\u00e9es personnelles est une priorit\u00e9.&nbsp; Dans le cadre des actions de formation que nous r\u00e9alisons, nous sommes amen\u00e9s \u00e0 recueillir des donn\u00e9es \u00e0 caract\u00e8re personnel vous concernant. Le but de cette politique est de vous informer sur les modalit\u00e9s selon lesquelles nous traitons ces donn\u00e9es en conformit\u00e9&#8230;<\/p>\n","protected":false},"author":1,"featured_media":0,"parent":0,"menu_order":0,"comment_status":"closed","ping_status":"closed","template":"","meta":{"_kad_post_transparent":"","_kad_post_title":"","_kad_post_layout":"","_kad_post_sidebar_id":"","_kad_post_content_style":"","_kad_post_vertical_padding":"","_kad_post_feature":"","_kad_post_feature_position":"","_kad_post_header":false,"_kad_post_footer":false,"_kad_post_classname":"","slim_seo":{"noindex":"1","title":"Protection des donn\u00e9es par l'organisme de formation - Avenir &quot;former pour devenir&quot;","description":"Chez&nbsp;AVENIR \u00ab&nbsp;FORMER POUR DEVENIR&nbsp;\u00bb, la protection de vos donn\u00e9es personnelles est une priorit\u00e9.&nbsp; Dans le cadre des actions de formation que"},"footnotes":""},"class_list":["post-655","page","type-page","status-publish","hentry"],"_links":{"self":[{"href":"https:\/\/avenir-formation.fr\/accueil\/wp-json\/wp\/v2\/pages\/655","targetHints":{"allow":["GET"]}}],"collection":[{"href":"https:\/\/avenir-formation.fr\/accueil\/wp-json\/wp\/v2\/pages"}],"about":[{"href":"https:\/\/avenir-formation.fr\/accueil\/wp-json\/wp\/v2\/types\/page"}],"author":[{"embeddable":true,"href":"https:\/\/avenir-formation.fr\/accueil\/wp-json\/wp\/v2\/users\/1"}],"replies":[{"embeddable":true,"href":"https:\/\/avenir-formation.fr\/accueil\/wp-json\/wp\/v2\/comments?post=655"}],"version-history":[{"count":4,"href":"https:\/\/avenir-formation.fr\/accueil\/wp-json\/wp\/v2\/pages\/655\/revisions"}],"predecessor-version":[{"id":1004,"href":"https:\/\/avenir-formation.fr\/accueil\/wp-json\/wp\/v2\/pages\/655\/revisions\/1004"}],"wp:attachment":[{"href":"https:\/\/avenir-formation.fr\/accueil\/wp-json\/wp\/v2\/media?parent=655"}],"curies":[{"name":"wp","href":"https:\/\/api.w.org\/{rel}","templated":true}]}}