{"id":290,"date":"2022-03-01T13:59:03","date_gmt":"2022-03-01T12:59:03","guid":{"rendered":"https:\/\/avenir-formation.fr\/accueil\/?page_id=290"},"modified":"2024-09-13T15:54:52","modified_gmt":"2024-09-13T13:54:52","slug":"conditions-generales-de-vente","status":"publish","type":"page","link":"https:\/\/avenir-formation.fr\/accueil\/conditions-generales-de-vente\/","title":{"rendered":"Conditions g\u00e9n\u00e9rales de vente"},"content":{"rendered":"<style>.kb-row-layout-id290_cac317-88 > .kt-row-column-wrap{align-content:start;}:where(.kb-row-layout-id290_cac317-88 > .kt-row-column-wrap) > .wp-block-kadence-column{justify-content:start;}.kb-row-layout-id290_cac317-88 > .kt-row-column-wrap{column-gap:var(--global-kb-gap-md, 2rem);row-gap:var(--global-kb-gap-md, 2rem);padding-top:var(--global-kb-spacing-sm, 1.5rem);padding-bottom:var(--global-kb-spacing-sm, 1.5rem);grid-template-columns:repeat(2, minmax(0, 1fr));}.kb-row-layout-id290_cac317-88 > .kt-row-layout-overlay{opacity:0.30;}@media all and (max-width: 1024px){.kb-row-layout-id290_cac317-88 > .kt-row-column-wrap{grid-template-columns:repeat(2, minmax(0, 1fr));}}@media all and (max-width: 767px){.kb-row-layout-id290_cac317-88 > .kt-row-column-wrap{grid-template-columns:minmax(0, 1fr);}}<\/style><div class=\"kb-row-layout-wrap kb-row-layout-id290_cac317-88 alignnone wp-block-kadence-rowlayout\"><div class=\"kt-row-column-wrap kt-has-2-columns kt-row-layout-equal kt-tab-layout-inherit kt-mobile-layout-row kt-row-valign-top\">\n<style>.kadence-column290_bb3cd9-b1 > .kt-inside-inner-col,.kadence-column290_bb3cd9-b1 > .kt-inside-inner-col:before{border-top-left-radius:0px;border-top-right-radius:0px;border-bottom-right-radius:0px;border-bottom-left-radius:0px;}.kadence-column290_bb3cd9-b1 > .kt-inside-inner-col{column-gap:var(--global-kb-gap-sm, 1rem);}.kadence-column290_bb3cd9-b1 > .kt-inside-inner-col{flex-direction:column;}.kadence-column290_bb3cd9-b1 > .kt-inside-inner-col > .aligncenter{width:100%;}.kadence-column290_bb3cd9-b1 > .kt-inside-inner-col:before{opacity:0.3;}.kadence-column290_bb3cd9-b1{position:relative;}@media all and (max-width: 1024px){.kadence-column290_bb3cd9-b1 > .kt-inside-inner-col{flex-direction:column;justify-content:center;}}@media all and (max-width: 767px){.kadence-column290_bb3cd9-b1 > .kt-inside-inner-col{flex-direction:column;justify-content:center;}}<\/style>\n<div class=\"wp-block-kadence-column kadence-column290_bb3cd9-b1 inner-column-1\"><div class=\"kt-inside-inner-col\">\n<p><\/p>\n\n\n\n<p><strong>D\u00e9signation <\/strong>L\u2019association AVENIR FORMER POUR DEVENIR est un organisme de formation professionnelle, dont le si\u00e8ge social est situ\u00e9 320 Avenue du Du\u00e9 76320 Saint-Pierre-l\u00e8s-Elbeuf.<\/p>\n\n\n\n<p>AVENIR FORMER POUR DEVENIR met en place et dispense des formations inter et intra entreprises, dans ses locaux ou ceux de ses clients, seule ou en partenariat. <\/p>\n\n\n\n<p>Dans les paragraphes qui suivent, il est convenu de d\u00e9signer par : <\/p>\n\n\n\n<ul class=\"wp-block-list\">\n<li>Client : toute personne physique ou morale qui s\u2019inscrit ou passe commande d\u2019une formation aupr\u00e8s de l\u2019association AVENIR FORMER POUR DEVENIR. <\/li>\n<\/ul>\n\n\n\n<ul class=\"wp-block-list\">\n<li>Stagiaire : la personne physique qui participe \u00e0 une formation. <\/li>\n<\/ul>\n\n\n\n<ul class=\"wp-block-list\">\n<li>CGV : les conditions g\u00e9n\u00e9rales de vente, d\u00e9taill\u00e9es ci-dessous. <\/li>\n<\/ul>\n\n\n\n<ul class=\"wp-block-list\">\n<li>OPCO : les op\u00e9rateurs de comp\u00e9tence agr\u00e9\u00e9s charg\u00e9s de collecter et g\u00e9rer l\u2019effort de formation des entreprises. <\/li>\n<\/ul>\n\n\n\n<p><strong>Objet et champ d\u2019application<\/strong> Les pr\u00e9sentes Conditions G\u00e9n\u00e9rales de Vente d\u00e9terminent les conditions applicables aux prestations de formation effectu\u00e9es par l\u2019association AVENIR FORMER POUR DEVENIR pour le compte d\u2019un client. <\/p>\n\n\n\n<p>Toute commande de formation aupr\u00e8s de l\u2019association implique l\u2019acceptation sans r\u00e9serve du client des pr\u00e9sentes Conditions G\u00e9n\u00e9rales de Vente. <\/p>\n\n\n\n<p>Ces conditions pr\u00e9valent sur tout autre document du client, en particulier sur toutes conditions g\u00e9n\u00e9rales d\u2019achat. <\/p>\n\n\n\n<p><strong>Devis, convention<\/strong> <strong>et attestation<\/strong> <\/p>\n\n\n\n<p>Pour chaque formation, l\u2019association AVENIR FORMER POUR DEVENIR s\u2019engage \u00e0 fournir un devis au client. Ce dernier est tenu de retourner \u00e0 l\u2019association un exemplaire renseign\u00e9, dat\u00e9, sign\u00e9 et tamponn\u00e9, avec la mention \u00ab Bon pour accord \u00bb. Suite \u00e0 cette confirmation, une convention est \u00e9tablie entre l\u2019association AVENIR FORMER POUR DEVENIR et le client. \u00c0 la demande du client, une attestation de pr\u00e9sence ou de fin de formation, ainsi que des feuilles d\u2019\u00e9margement peuvent lui \u00eatre fournies. <\/p>\n\n\n\n<p><strong>Prix et modalit\u00e9s de paiement<\/strong> <\/p>\n\n\n\n<p>AVENIR FORMER POUR DEVENIR est exon\u00e9r\u00e9 de TVA en vertu de l\u2019article 261-4-4 du CGI ; les prix des formations sont indiqu\u00e9s en euros, nets de taxes. <\/p>\n\n\n\n<p>Les factures \u00e9mises par AVENIR FORMER POUR DEVENIR sont payables \u00e0 30 jours \u00e0 compter de la date de la facture. <\/p>\n\n\n\n<p>Le r\u00e8glement des factures s\u2019effectue par virement bancaire ou par ch\u00e8que. <\/p>\n\n\n\n<p>Dans des situations exceptionnelles, il peut \u00eatre proc\u00e9d\u00e9 \u00e0 un paiement \u00e9chelonn\u00e9. En tout \u00e9tat de cause, ses modalit\u00e9s devront avoir \u00e9t\u00e9 formalis\u00e9es avant le d\u00e9marrage de la formation. <\/p>\n\n\n\n<p><strong>Prise en charge financi\u00e8re<\/strong> <\/p>\n\n\n\n<p>Le client qui sollicite une prise en charge aupr\u00e8s d\u2019un OPCO doit effectuer sa demande pr\u00e9alablement \u00e0 l\u2019inscription. <\/p>\n\n\n\n<p><strong>Report ou annulation de la formation par le client<\/strong> <\/p>\n\n\n\n<p>Le client qui souhaite reporter ou annuler son inscription peut le faire au moins 1 mois avant la date pr\u00e9vue de la formation. Aucune indemnit\u00e9 n\u2019est demand\u00e9e. <\/p>\n\n\n\n<p>Si l\u2019annulation intervient entre le 30\u00e8me et le 15\u00e8me jour pr\u00e9c\u00e9dant la formation, 10 % du montant des frais de participation sont factur\u00e9s. <\/p>\n\n\n\n<p>Si l\u2019annulation intervient entre le 14\u00e8me et le 7\u00e8me jour pr\u00e9c\u00e9dant la formation, 30 % du montant des frais de participation sont factur\u00e9s.<\/p>\n<\/div><\/div>\n\n\n<style>.kadence-column290_1576e3-b6 > .kt-inside-inner-col,.kadence-column290_1576e3-b6 > .kt-inside-inner-col:before{border-top-left-radius:0px;border-top-right-radius:0px;border-bottom-right-radius:0px;border-bottom-left-radius:0px;}.kadence-column290_1576e3-b6 > .kt-inside-inner-col{column-gap:var(--global-kb-gap-sm, 1rem);}.kadence-column290_1576e3-b6 > .kt-inside-inner-col{flex-direction:column;}.kadence-column290_1576e3-b6 > .kt-inside-inner-col > .aligncenter{width:100%;}.kadence-column290_1576e3-b6 > .kt-inside-inner-col:before{opacity:0.3;}.kadence-column290_1576e3-b6{position:relative;}@media all and (max-width: 1024px){.kadence-column290_1576e3-b6 > .kt-inside-inner-col{flex-direction:column;justify-content:center;}}@media all and (max-width: 767px){.kadence-column290_1576e3-b6 > .kt-inside-inner-col{flex-direction:column;justify-content:center;}}<\/style>\n<div class=\"wp-block-kadence-column kadence-column290_1576e3-b6 inner-column-2\"><div class=\"kt-inside-inner-col\">\n<p><\/p>\n\n\n\n<p>Si l\u2019annulation intervient moins de 7 jours avant la formation, 50 % du montant des frais de participation sont factur\u00e9s. <\/p>\n\n\n\n<p>Tout remplacement d\u2019un participant par un autre est accept\u00e9 sans condition de d\u00e9lai. <\/p>\n\n\n\n<p>En cas d\u2019absence du stagiaire le(s) jour(s) de formation, le montant total de la formation est d\u00fb \u00e0 AVENIR FORMER POUR DEVENIR \u00e0 titre d\u2019indemnit\u00e9 forfaitaire, sauf cas de force majeure d\u00fbment justifi\u00e9. <\/p>\n\n\n\n<p><strong>Report ou annulation par AVENIR FORMER POUR DEVENIR <\/strong><\/p>\n\n\n\n<p>AVENIR se r\u00e9serve le droit de reporter, d\u2019annuler ou de r\u00e9aliser sur un lieu diff\u00e9rent de celui initialement pr\u00e9vu, une formation en cas de nombre insuffisant d\u2019inscrits. Le client est inform\u00e9, apr\u00e8s \u00e9tude de la situation, par courrier \u00e9lectronique, des dates de report ou, le cas \u00e9ch\u00e9ant, de l\u2019annulation de la formation. <\/p>\n\n\n\n<p>En cas d\u2019inex\u00e9cution de ses obligations suite \u00e0 un \u00e9v\u00e9nement fortuit ou \u00e0 un cas de force majeure, l\u2019association AVENIR FORMER POUR DEVENIR ne pourra \u00eatre tenue responsable \u00e0 l\u2019\u00e9gard de ses clients. Ces derniers seront inform\u00e9s par mail. <\/p>\n\n\n\n<p><strong>Interruption de formation<\/strong> <\/p>\n\n\n\n<p>Toute formation commenc\u00e9e par un stagiaire est due dans sa totalit\u00e9, sauf cas de force majeure d\u00fbment justifi\u00e9. <\/p>\n\n\n\n<p><strong>Programme des formations <\/strong><\/p>\n\n\n\n<p>S\u2019il le juge n\u00e9cessaire, l\u2019intervenant pourra modifier les contenus des formations suivant l\u2019actualit\u00e9, la dynamique de groupe, ou le niveau des participants. Les contenus des programmes figurant sur les fiches de pr\u00e9sentation ne sont ainsi fournis qu\u2019\u00e0 titre indicatif. <\/p>\n\n\n\n<p><strong>Propri\u00e9t\u00e9<\/strong> <strong>intellectuelle et droit d\u2019auteur<\/strong> <\/p>\n\n\n\n<p>Les supports de formation, quelle qu\u2019en soit la forme (papier, num\u00e9rique, \u00e9lectronique\u2026), sont prot\u00e9g\u00e9s par la propri\u00e9t\u00e9 intellectuelle et le droit d\u2019auteur. Leur reproduction, partielle ou totale, ne peut \u00eatre effectu\u00e9e sans l\u2019accord expr\u00e8s de l\u2019association. Le client s\u2019engage \u00e0 ne pas utiliser, transmettre ou reproduire tout ou partie de ces documents en vue de l\u2019organisation ou de l\u2019animation de formations. <\/p>\n\n\n\n<p><strong>Protection des donn\u00e9es personnelles<\/strong> <\/p>\n\n\n\n<p>Les informations \u00e0 caract\u00e8re personnel communiqu\u00e9es par le client \u00e0 l\u2019association AVENIR FORMER POUR DEVENIR sont utiles pour le traitement de l\u2019inscription ainsi que pour la constitution d\u2019un fichier client\u00e8le pour des prospections commerciales. <\/p>\n\n\n\n<p>Suivant la loi \u00ab informatique et libert\u00e9s \u00bb du 6 janvier 1978, le client dispose d\u2019un droit d\u2019acc\u00e8s, de rectification et d\u2019opposition des donn\u00e9es personnelles le concernant. <\/p>\n\n\n\n<p>L\u2019association AVENIR FORMER POUR DEVENIR s\u2019engage \u00e0 appliquer les mesures administratives, physiques et techniques appropri\u00e9es pour pr\u00e9server la s\u00e9curit\u00e9, la confidentialit\u00e9 et l\u2019int\u00e9grit\u00e9 des donn\u00e9es du client. Elle s\u2019interdit de divulguer les donn\u00e9es du client, sauf en cas de contrainte l\u00e9gale. <\/p>\n\n\n\n<p>L&rsquo;int\u00e9gralit\u00e9 de notre politique de protection des donn\u00e9es se trouve sur le site d&rsquo;Avenir \u00ab\u00a0former pour devenir\u00a0\u00bb : https:\/\/avenir-formation.fr et dans les pages suivantes de ce catalogue.<\/p>\n\n\n\n<p><strong>Communication<\/strong> <\/p>\n\n\n\n<p>Sous r\u00e9serve du respect des dispositions de l\u2019article \u00ab informatique et libert\u00e9s\u00bb, le client accepte d\u2019\u00eatre cit\u00e9 par AVENIR FORMER POUR DEVENIR comme client de ses prestations. <\/p>\n\n\n\n<p><strong>Loi applicable et attribution de comp\u00e9tence<\/strong> <\/p>\n\n\n\n<p>Les pr\u00e9sentes Conditions G\u00e9n\u00e9rales de Vente sont encadr\u00e9es par la loi fran\u00e7aise. En cas de litige survenant entre l\u2019association AVENIR FORMER POUR DEVENIR et le client, la recherche d\u2019une solution \u00e0 l\u2019amiable sera privil\u00e9gi\u00e9e. \u00c0 d\u00e9faut, l\u2019affaire sera port\u00e9e devant les tribunaux de Rouen.<\/p>\n<\/div><\/div>\n\n<\/div><\/div>","protected":false},"excerpt":{"rendered":"<p>D\u00e9signation L\u2019association AVENIR FORMER POUR DEVENIR est un organisme de formation professionnelle, dont le si\u00e8ge social est situ\u00e9 320 Avenue du Du\u00e9 76320 Saint-Pierre-l\u00e8s-Elbeuf. AVENIR FORMER POUR DEVENIR met en place et dispense des formations inter et intra entreprises, dans ses locaux ou ceux de ses clients, seule ou en partenariat. Dans les paragraphes qui&#8230;<\/p>\n","protected":false},"author":1,"featured_media":0,"parent":0,"menu_order":0,"comment_status":"closed","ping_status":"closed","template":"","meta":{"_kad_post_transparent":"","_kad_post_title":"","_kad_post_layout":"","_kad_post_sidebar_id":"","_kad_post_content_style":"","_kad_post_vertical_padding":"","_kad_post_feature":"","_kad_post_feature_position":"","_kad_post_header":false,"_kad_post_footer":false,"_kad_post_classname":"","slim_seo":{"noindex":"1","title":"Conditions g\u00e9n\u00e9rales de vente - Avenir &quot;former pour devenir&quot;","description":""},"footnotes":""},"class_list":["post-290","page","type-page","status-publish","hentry"],"_links":{"self":[{"href":"https:\/\/avenir-formation.fr\/accueil\/wp-json\/wp\/v2\/pages\/290","targetHints":{"allow":["GET"]}}],"collection":[{"href":"https:\/\/avenir-formation.fr\/accueil\/wp-json\/wp\/v2\/pages"}],"about":[{"href":"https:\/\/avenir-formation.fr\/accueil\/wp-json\/wp\/v2\/types\/page"}],"author":[{"embeddable":true,"href":"https:\/\/avenir-formation.fr\/accueil\/wp-json\/wp\/v2\/users\/1"}],"replies":[{"embeddable":true,"href":"https:\/\/avenir-formation.fr\/accueil\/wp-json\/wp\/v2\/comments?post=290"}],"version-history":[{"count":5,"href":"https:\/\/avenir-formation.fr\/accueil\/wp-json\/wp\/v2\/pages\/290\/revisions"}],"predecessor-version":[{"id":908,"href":"https:\/\/avenir-formation.fr\/accueil\/wp-json\/wp\/v2\/pages\/290\/revisions\/908"}],"wp:attachment":[{"href":"https:\/\/avenir-formation.fr\/accueil\/wp-json\/wp\/v2\/media?parent=290"}],"curies":[{"name":"wp","href":"https:\/\/api.w.org\/{rel}","templated":true}]}}