{"id":221,"date":"2022-02-25T13:08:38","date_gmt":"2022-02-25T12:08:38","guid":{"rendered":"https:\/\/avenir-formation.fr\/accueil\/?page_id=221"},"modified":"2025-01-17T10:58:01","modified_gmt":"2025-01-17T09:58:01","slug":"notre-histoire","status":"publish","type":"page","link":"https:\/\/avenir-formation.fr\/accueil\/notre-histoire\/","title":{"rendered":"Notre histoire"},"content":{"rendered":"\n<p>AVENIR \u00ab former pour devenir \u00bb est un organisme de formation cr\u00e9\u00e9 en d\u00e9cembre 2015 par les administrateurs de l\u2019association CURSUS. Ils \u00e9taient d\u00e9sireux de se doter d\u2019un outil de formation capable de proposer des actions de formation adapt\u00e9es aux besoins des salari\u00e9s en parcours d\u2019insertion. <\/p>\n\n\n\n<p>La structure, de forme associative, est d\u00e9di\u00e9e au d\u00e9ploiement d\u2019actions de formation, principalement au profit des acteurs de l\u2019\u00e9conomie sociale et solidaire et, en particulier, aux salari\u00e9s des SIAE. L\u2019association est une entit\u00e9 juridique distincte de son association fondatrice et elle dispose de ses propres organes de gouvernance. <\/p>\n\n\n\n<p>L\u2019association CURSUS apporte son soutien au d\u00e9veloppement de l\u2019organisme de formation par la mobilisation de son r\u00e9seau et de ses partenaires locaux. <\/p>\n\n\n\n<p>En 2021, l&rsquo;association Avenir \u00ab\u00a0former pour devenir\u00a0\u00bb est certifi\u00e9e Qualiopi pour les actions de formation par ICPF.<\/p>\n\n\n\n<p>Le catalogue est renouvel\u00e9 tous les ans pour \u00eatre au plus pr\u00e8s des besoins des salari\u00e9s en transition professionnelle. <\/p>\n\n\n\n<p>Entre 2023, AVENIR a r\u00e9alis\u00e9 15430 heures de formation au b\u00e9n\u00e9fice de 415 stagiaires sur ses diff\u00e9rents axes de sp\u00e9cialit\u00e9.<\/p>\n\n\n<style>.wp-block-kadence-advancedbtn.kb-btns221_e30359-d0{gap:var(--global-kb-gap-xs, 0.5rem );justify-content:flex-end;align-items:center;}.kt-btns221_e30359-d0 .kt-button{font-weight:normal;font-style:normal;}<\/style>\n<div class=\"wp-block-kadence-advancedbtn kb-buttons-wrap kb-btns221_e30359-d0\"><style>ul.menu .wp-block-kadence-advancedbtn .kb-btn221_3e359a-e0.kb-button{width:initial;}.kb-btn221_3e359a-e0.kb-button .kb-svg-icon-wrap{font-size:30px;--kb-button-icon-size:30px;}<\/style><a class=\"kb-button kt-button button kb-btn221_3e359a-e0 kt-btn-size-small kt-btn-width-type-auto kb-btn-global-inherit  kt-btn-has-text-false kt-btn-has-svg-true  wp-block-button__link wp-block-kadence-singlebtn\" href=\"https:\/\/avenir-formation.fr\/accueil\/qui-sommes-nous\/\"><span class=\"kb-svg-icon-wrap kb-svg-icon-fe_cornerRightUp kt-btn-icon-side-right\"><svg viewBox=\"0 0 24 24\"  fill=\"none\" stroke=\"currentColor\" stroke-width=\"2\" stroke-linecap=\"round\" stroke-linejoin=\"round\" xmlns=\"http:\/\/www.w3.org\/2000\/svg\"  aria-hidden=\"true\"><polyline points=\"10 9 15 4 20 9\"\/><path d=\"M4 20h7a4 4 0 0 0 4-4V4\"\/><\/svg><\/span><\/a><\/div>\n\n\n\n<p><\/p>\n","protected":false},"excerpt":{"rendered":"<p>AVENIR \u00ab former pour devenir \u00bb est un organisme de formation cr\u00e9\u00e9 en d\u00e9cembre 2015 par les administrateurs de l\u2019association CURSUS. Ils \u00e9taient d\u00e9sireux de se doter d\u2019un outil de formation capable de proposer des actions de formation adapt\u00e9es aux besoins des salari\u00e9s en parcours d\u2019insertion. La structure, de forme associative, est d\u00e9di\u00e9e au d\u00e9ploiement&#8230;<\/p>\n","protected":false},"author":1,"featured_media":0,"parent":0,"menu_order":0,"comment_status":"closed","ping_status":"closed","template":"","meta":{"_kad_post_transparent":"","_kad_post_title":"show","_kad_post_layout":"","_kad_post_sidebar_id":"","_kad_post_content_style":"","_kad_post_vertical_padding":"","_kad_post_feature":"","_kad_post_feature_position":"","_kad_post_header":false,"_kad_post_footer":false,"_kad_post_classname":"","slim_seo":{"noindex":"1","title":"Notre histoire - Avenir &quot;former pour devenir&quot;","description":"AVENIR \u00ab former pour devenir \u00bb est un organisme de formation cr\u00e9\u00e9 en d\u00e9cembre 2015 par les administrateurs de l\u2019association CURSUS. Ils \u00e9taient d\u00e9sireux de se d"},"footnotes":""},"class_list":["post-221","page","type-page","status-publish","hentry"],"_links":{"self":[{"href":"https:\/\/avenir-formation.fr\/accueil\/wp-json\/wp\/v2\/pages\/221","targetHints":{"allow":["GET"]}}],"collection":[{"href":"https:\/\/avenir-formation.fr\/accueil\/wp-json\/wp\/v2\/pages"}],"about":[{"href":"https:\/\/avenir-formation.fr\/accueil\/wp-json\/wp\/v2\/types\/page"}],"author":[{"embeddable":true,"href":"https:\/\/avenir-formation.fr\/accueil\/wp-json\/wp\/v2\/users\/1"}],"replies":[{"embeddable":true,"href":"https:\/\/avenir-formation.fr\/accueil\/wp-json\/wp\/v2\/comments?post=221"}],"version-history":[{"count":17,"href":"https:\/\/avenir-formation.fr\/accueil\/wp-json\/wp\/v2\/pages\/221\/revisions"}],"predecessor-version":[{"id":965,"href":"https:\/\/avenir-formation.fr\/accueil\/wp-json\/wp\/v2\/pages\/221\/revisions\/965"}],"wp:attachment":[{"href":"https:\/\/avenir-formation.fr\/accueil\/wp-json\/wp\/v2\/media?parent=221"}],"curies":[{"name":"wp","href":"https:\/\/api.w.org\/{rel}","templated":true}]}}